{"id":7,"date":"2025-07-15T11:37:32","date_gmt":"2025-07-15T09:37:32","guid":{"rendered":"http:\/\/wordpress.centromedicoamico.it\/?page_id=7"},"modified":"2026-04-13T11:54:49","modified_gmt":"2026-04-13T09:54:49","slug":"home","status":"publish","type":"page","link":"https:\/\/wordpress.centromedicoamico.it\/","title":{"rendered":"Home"},"content":{"rendered":"\n<div class=\"wp-block-cover alignfull is-light has-white-color has-text-color has-link-color wp-elements-9af2adb9ed0875561ec8550d3acc65ab\" style=\"border-radius:18px;padding-top:var(--wp--preset--spacing--30);padding-bottom:var(--wp--preset--spacing--30);min-height:545px;aspect-ratio:unset;\"><img fetchpriority=\"high\" decoding=\"async\" width=\"2560\" height=\"1707\" class=\"wp-block-cover__image-background wp-image-29 size-full\" alt=\"\" src=\"http:\/\/wordpress.centromedicoamico.it\/wp-content\/uploads\/2025\/07\/homepage-scaled.jpg\" data-object-fit=\"cover\" srcset=\"https:\/\/wordpress.centromedicoamico.it\/wp-content\/uploads\/2025\/07\/homepage-scaled.jpg 2560w, https:\/\/wordpress.centromedicoamico.it\/wp-content\/uploads\/2025\/07\/homepage-300x200.jpg 300w, https:\/\/wordpress.centromedicoamico.it\/wp-content\/uploads\/2025\/07\/homepage-1024x683.jpg 1024w, https:\/\/wordpress.centromedicoamico.it\/wp-content\/uploads\/2025\/07\/homepage-768x512.jpg 768w, https:\/\/wordpress.centromedicoamico.it\/wp-content\/uploads\/2025\/07\/homepage-1536x1024.jpg 1536w, https:\/\/wordpress.centromedicoamico.it\/wp-content\/uploads\/2025\/07\/homepage-2048x1365.jpg 2048w\" sizes=\"(max-width: 2560px) 100vw, 2560px\" \/><span aria-hidden=\"true\" class=\"wp-block-cover__background has-background-dim-20 has-background-dim\"><\/span><div class=\"wp-block-cover__inner-container is-layout-flow wp-block-cover-is-layout-flow\">\n<div class=\"inherit-container-width wp-block-group alignfull is-layout-constrained wp-block-group-is-layout-constrained\">\n<div class=\"wp-block-columns alignwide are-vertically-aligned-center is-layout-flex wp-container-core-columns-is-layout-28f84493 wp-block-columns-is-layout-flex\">\n<div class=\"wp-block-column is-layout-flow wp-block-column-is-layout-flow\" style=\"flex-basis:57%\">\n<h1 class=\"wp-block-heading has-text-align-left has-white-color has-text-color\">La Nostra Mission:<\/h1>\n\n\n\n<p class=\"has-white-color has-text-color\">Favorire la cultura e la pratica della prevenzione, attraverso strumenti di indagine Medico Sanitaria messi a disposizione degli associati a condizioni particolarmente favorevoli. <\/p>\n\n\n\n<p class=\"has-white-color has-text-color\">Contribuire con raccolta dati e statistiche ad un osservatorio di salute&nbsp;<strong>pubblica<\/strong>. <\/p>\n\n\n\n<p class=\"has-white-color has-text-color\">Ripristinare un corretto rapporto medico-paziente , purtroppo deteriorato negli ultimi anni. Utilizzando anche le risorse della Medicina Integrata.<\/p>\n<\/div>\n<\/div>\n<\/div>\n<\/div><\/div>\n\n\n\n<div id=\"CHISIAMO\" class=\"wp-block-group has-medium-font-size is-layout-constrained wp-container-core-group-is-layout-4df0aff4 wp-block-group-is-layout-constrained\" style=\"margin-top:var(--wp--preset--spacing--30);margin-bottom:var(--wp--preset--spacing--30);padding-top:63px;padding-right:var(--wp--preset--spacing--30);padding-bottom:0px;padding-left:var(--wp--preset--spacing--20);text-decoration:none\">\n<h1 class=\"wp-block-heading has-text-align-center has-x-large-font-size\" style=\"padding-right:40px\">CHI SIAMO:<\/h1>\n\n\n\n<div class=\"wp-block-columns is-layout-flex wp-container-core-columns-is-layout-29aadeec wp-block-columns-is-layout-flex\" style=\"margin-top:60px\">\n<div class=\"wp-block-column is-layout-flow wp-container-core-column-is-layout-6b73ce23 wp-block-column-is-layout-flow\">\n<figure class=\"wp-block-video\"><video height=\"1908\" style=\"aspect-ratio: 1080 \/ 1908;\" width=\"1080\" controls src=\"http:\/\/wordpress.centromedicoamico.it\/wp-content\/uploads\/2025\/09\/Giraldi-Presentazione-CMA.mp4\"><\/video><\/figure>\n\n\n\n<h3 class=\"wp-block-heading\" style=\"margin-top:16px\">Il Prof. Carlo Giraldi presenta il CMA <\/h3>\n\n\n\n<p>La nostra associazione nasce da un progetto ideato dal Prof. Carlo Giraldi, con gli obbiettivi di mantenere in salute gli associati attraverso la prevenzione, e creare una rete di medici ippocratici.<\/p>\n<\/div>\n\n\n\n<div class=\"wp-block-column is-layout-flow wp-container-core-column-is-layout-6b73ce23 wp-block-column-is-layout-flow\">\n<figure class=\"wp-block-video\"><video height=\"1908\" style=\"aspect-ratio: 1080 \/ 1908;\" width=\"1080\" controls src=\"http:\/\/wordpress.centromedicoamico.it\/wp-content\/uploads\/2025\/07\/effetti-avversi-cma-H264.mp4\"><\/video><\/figure>\n\n\n\n<h3 class=\"wp-block-heading\" style=\"margin-top:16px\">Valutazione di possibili effetti avversi dati dalla vaccinazione<\/h3>\n\n\n\n<p>Il CMA si occupa anche della prevenzione e valutazione di possibili effetti avversi dati dalla vaccinazione.<\/p>\n<\/div>\n\n\n\n<div class=\"wp-block-column is-layout-flow wp-container-core-column-is-layout-6b73ce23 wp-block-column-is-layout-flow\">\n<figure class=\"wp-block-video\"><video height=\"1920\" style=\"aspect-ratio: 1080 \/ 1920;\" width=\"1080\" controls src=\"http:\/\/wordpress.centromedicoamico.it\/wp-content\/uploads\/2025\/07\/Prevenzione-reel-1-CMA.mp4\"><\/video><\/figure>\n\n\n\n<h3 class=\"wp-block-heading\" style=\"margin-top:16px\">Visite di Prevenzione Primaria in Medicina Generale<\/h3>\n\n\n\n<p>Di cosa si tratta? <\/p>\n<\/div>\n<\/div>\n<\/div>\n\n\n\n<div class=\"wp-block-group has-ast-global-color-8-color has-text-color has-background has-link-color wp-elements-621eb7a1123184ea55c4543a93b1b607 is-vertical is-layout-flex wp-container-core-group-is-layout-fe9cc265 wp-block-group-is-layout-flex\" style=\"border-radius:42px;background:linear-gradient(197deg,rgb(255,245,203) 0%,rgb(182,227,212) 50%,rgb(51,167,181) 100%);font-size:12px\">\n<h2 class=\"wp-block-heading has-text-align-center\">Progetto Sanitario:<\/h2>\n\n\n\n<p class=\"has-medium-font-size\"><strong>Centro Medico AMICO<\/strong>&nbsp;in collaborazione con la CEI ( Comunit\u00e0 Economica Indipendente )<br>Direttore Scientifico: Dott. Carlo Giraldi<br>Coordinatore Sanitario: Dott. Carlo Giraldi<\/p>\n\n\n\n<ul class=\"wp-block-list\">\n<li class=\"has-medium-font-size\"><strong>Medicina di Scopo:<\/strong>&nbsp;la mission \u00e8 quella di mantenere i Soci in salute (secondo la definizione OMS: intesa come benessere psico-fisico). Inoltre avendo la CEI una valenza economica altro obbiettivo specifico \u00e8 quello di mantenere una efficienza lavorativa.<\/li>\n\n\n\n<li class=\"has-medium-font-size\"><strong>Medicina di precisione:<\/strong>&nbsp;proporre un programma di prevenzione fatto a misura per ciascun utente.<\/li>\n\n\n\n<li class=\"has-medium-font-size\"><strong>Medicina fondata su principi Etici:<\/strong>&nbsp;applicazione di tutti i principi Ippocratici e ratificati dalla Conferenza di Oviedo (1997).<\/li>\n\n\n\n<li class=\"has-medium-font-size\"><strong>Medicina Ufficiale:<\/strong>&nbsp;applicando la Medicina delle Evidenze. Liberando tuttavia la stessa da possibili conflitti di Interesse ( medicalizzazione estrema portata avanti da Big-Pharma, contrastare la massimalizzazione del risparmio perseguito dal SSN, contrastare altres\u00ec la logica del profitto da parte del Privato e del Privato-Convenzionato. Apertura alle discipline innovative (Medicina Integrata ) quali: Ozonoterapia, Omeopatia, Agopuntura ect con una valutazione attenta dei possibili benefici.<\/li>\n<\/ul>\n<\/div>\n\n\n\n<div id=\"services\" class=\"wp-block-group is-layout-constrained wp-container-core-group-is-layout-bb2e95ef wp-block-group-is-layout-constrained\" style=\"margin-top:var(--wp--preset--spacing--20);margin-bottom:var(--wp--preset--spacing--20)\">\n<figure class=\"wp-block-image aligncenter size-large\"><img decoding=\"async\" src=\"http:\/\/wordpress.centromedicoamico.it\/wp-content\/themes\/astra\/inc\/assets\/images\/starter-content\/portfolio.svg\" alt=\"\" class=\"wp-image-137\"\/><\/figure>\n\n\n\n<h2 class=\"wp-block-heading has-text-align-center\" style=\"font-size:40px\">CARTA DEI SERVIZI<\/h2>\n\n\n\n<h2 class=\"wp-block-heading has-text-align-center has-ast-global-color-8-color has-text-color has-link-color has-medium-font-size wp-elements-07f430f2a26b24c25a05790b2cff9e5d\">COME ISCRIVERSI, COSA PREVEDE LA CARTA DEI SERVIZI PER GLI ASSOCIATI, PRENOTAZIONE DELLE VISITE<\/h2>\n\n\n\n<p>Forniamo i servizi solo ai nostri associati, ai quali garantiamo complessivamente due visite annue ( in presenza presso le sedi CMA oppure in video consulto on line ) incluse nella quota di:<\/p>\n\n\n\n<ul class=\"wp-block-list\">\n<li><strong>PREVENZIONE PRIMARIA<\/strong> in medicina generale, <strong>non specialistica<\/strong><\/li>\n<\/ul>\n\n\n\n<p>oppure<\/p>\n\n\n\n<ul class=\"wp-block-list\">\n<li>Prevenzione o valutazione di possibili <strong>EFFETTI AVVERSI<\/strong> dati dalla vaccinazione (durante la visita verranno date tutte le indicazioni utili per una terapia pi\u00f9 efficace possibile, in funzione alla propria anamnesi)<\/li>\n<\/ul>\n\n\n\n<p>inoltre<\/p>\n\n\n\n<ul class=\"wp-block-list\">\n<li>L&#8217;utente iscritto ha accesso alla <strong>LISTA <\/strong>dei medici specialisti che CONSIGLIAMO, in quanto con la stessa nostra idea di medicina ippocratica. I medici specialisti visitano nei propri studi, gli appuntamenti e le tariffe, in questo caso, non sono gestiti dal Centro Medico Amico. Dove specificato, presentando la tessera CMA, \u00e8 possibile ottenere uno sconto. Nella lista sono presenti anche centri, associazioni, farmacie, operatori olistici ed altre attivit\u00e0.<\/li>\n<\/ul>\n\n\n\n<p>Progetto sangue sicuro<\/p>\n\n\n\n<ul class=\"wp-block-list\">\n<li>Possibilit\u00e0 di essere messi nella lista dei donatori, per la donazione dedicata di sangue, previo controllo da parte del medico.<\/li>\n<\/ul>\n<\/div>\n\n\n\n<div id=\"iscriviti\" class=\"wp-block-group is-layout-constrained wp-block-group-is-layout-constrained\">\n<figure class=\"wp-block-image aligncenter size-large\"><img decoding=\"async\" src=\"http:\/\/wordpress.centromedicoamico.it\/wp-content\/themes\/astra\/inc\/assets\/images\/starter-content\/blog.svg\" alt=\"\" class=\"wp-image-136\"\/><\/figure>\n\n\n\n<h2 class=\"wp-block-heading has-text-align-center has-medium-font-size\">MODALITA&#8217; D&#8217;ISCRIZIONE<\/h2>\n\n\n\n<ul class=\"wp-block-list\">\n<li>Cliccando su <a href=\"https:\/\/www.centromedicoamico.it\/index.cgi?mod=iscrizioneutente&amp;richiesta=form\">ISCRIVITI <\/a>, compilando il format, \u00e8 possibile effettuare il pagamento tramite bonifico bancario oppure PayPall (i dati per il pagamento verranno comunicati dopo la compilazione), l&#8217;attivazione delle credenziali avviene entro 1\/3 giorni lavorativi.<\/li>\n\n\n\n<li>In presenza agli EVENTI organizzati dal Centro.<\/li>\n\n\n\n<li>In presenza,  PRESSO LA SEDE DI LUCCA (sede amministrativa) dal <mark style=\"background-color:rgba(0, 0, 0, 0)\" class=\"has-inline-color has-ast-global-color-8-color\"><strong>Lunedi al Venerdi, dalle 9 alle 13<\/strong><\/mark>. <\/li>\n\n\n\n<li>In presenza PRESSO LA SEDE DI PINEROLO su appuntamento.<\/li>\n<\/ul>\n\n\n\n<h2 class=\"wp-block-heading has-text-align-center has-medium-font-size\">QUOTA ASSOCIATIVA<\/h2>\n\n\n\n<p>La quota associativa \u00e8 nominale ed \u00e8 fissata in <strong><mark style=\"background-color:rgba(0, 0, 0, 0)\" class=\"has-inline-color has-ast-global-color-8-color\">Euro 120,00<\/mark><\/strong> annuali con la possibilit\u00e0 di applicare condizioni particolari di adesione per gli iscritti a gruppi o comunit\u00e0. Alcuni esempi gi\u00e0 operativi riguarda gli iscritti alla CEI (Comunit\u00e0 Economica Indipendente), sindacato SIULM (<em>Sindacato Unitario Lavoratori Militari APCSM<\/em>), chi ha effettuato donazioni all&#8217;Orchestra Filarmonica di Lucca. Per i quali la quota associativa \u00e8 ridotta ad <strong><mark style=\"background-color:rgba(0, 0, 0, 0)\" class=\"has-inline-color has-ast-global-color-8-color\">Euro 100,00<\/mark><\/strong> annui. Ulteriore riduzione \u00e8 prevista per i familiari, dalla seconda persona dello stesso nucleo la quota \u00e8 di <strong><mark style=\"background-color:rgba(0, 0, 0, 0)\" class=\"has-inline-color has-ast-global-color-8-color\">Euro 90,00<\/mark><\/strong> annui.<\/p>\n\n\n\n<h2 class=\"wp-block-heading has-text-align-center has-medium-font-size\">COME PRENOTARE LE VISITE INCLUSE<\/h2>\n\n\n\n<p>E&#8217; possibile prenotare le due visite annue scrivendo un <strong><mark style=\"background-color:rgba(0, 0, 0, 0)\" class=\"has-inline-color has-ast-global-color-8-color\">messaggio<\/mark><\/strong> <mark style=\"background-color:rgba(0, 0, 0, 0)\" class=\"has-inline-color has-ast-global-color-8-color\"><strong>Whatsapp <\/strong><\/mark>al numero del centralino 3483736150, specificando nome, cognome, sede\/on line ; oppure tramite mail ad info@centromedicoamico.it scrivendo in oggetto &#8220;PRENOTAZIONE&#8221; , sempre specificando nome, cognome, sede\/on line.<\/p>\n<\/div>\n\n\n\n<div class=\"wp-block-group alignfull has-border-color has-ast-global-color-0-border-color has-ast-global-color-5-background-color has-background is-content-justification-center is-layout-constrained wp-container-core-group-is-layout-2219761a wp-block-group-is-layout-constrained\" id=\"SEDI\" style=\"border-width:3px;border-radius:96px;min-height:0px;padding-bottom:0px\">\n<figure class=\"wp-block-image aligncenter size-large\"><img decoding=\"async\" src=\"http:\/\/wordpress.centromedicoamico.it\/wp-content\/themes\/astra\/inc\/assets\/images\/starter-content\/building.svg\" alt=\"\" class=\"wp-image-134\"\/><\/figure>\n\n\n\n<h2 class=\"wp-block-heading has-text-align-center\">SEDI<\/h2>\n\n\n\n<div class=\"wp-block-columns are-vertically-aligned-top is-layout-flex wp-container-core-columns-is-layout-a1b919ff wp-block-columns-is-layout-flex\" style=\"margin-top:0;margin-bottom:0;padding-right:0;padding-left:0\">\n<div class=\"wp-block-column is-vertically-aligned-top is-layout-flow wp-container-core-column-is-layout-6b73ce23 wp-block-column-is-layout-flow\">\n<h3 class=\"wp-block-heading has-text-align-left has-ast-global-color-0-color has-text-color has-link-color has-large-font-size wp-elements-981989cf88e7a0bef085acf87a41642b\" style=\"margin-top:16px\">TOSCANA<\/h3>\n\n\n\n<p><\/p>\n\n\n\n<h2 class=\"wp-block-heading has-text-align-left has-medium-font-size\"><a href=\"https:\/\/maps.app.goo.gl\/X1DbVmaQUXAzyQUEA\"><strong>LUCCA (LU)<\/strong> <\/a><em>SEDE AMMINISTRATIVA<\/em><\/h2>\n\n\n\n<p>Via Pesciatina 38\/b, San Vito<\/p>\n\n\n\n<p class=\"has-small-font-size\"><em>REFERENTI: Dott. Carlo Giraldi e Dott. Luciano Colombini<\/em><\/p>\n\n\n\n<h2 class=\"wp-block-heading has-medium-font-size\"><a href=\"https:\/\/maps.app.goo.gl\/r9QjHAUbtfoaH6Uw7\">SIENA (SI)<\/a><\/h2>\n\n\n\n<p>Via Po 13, Loc. Pian Dei Mori, ingresso 7<\/p>\n\n\n\n<p class=\"has-small-font-size\"><em>REFERENTI: Dott. Cesare Atticciati e Dott. Roberto Gabbrielli<\/em><\/p>\n\n\n\n<h2 class=\"wp-block-heading has-medium-font-size\"><a href=\"https:\/\/maps.app.goo.gl\/p4noqg4rA3VQsWnR9\">GROSSETO (GR)<\/a><\/h2>\n\n\n\n<p>Via del Bernina 17<\/p>\n\n\n\n<p class=\"has-small-font-size\"><em>REFERENTI: Dott. Federico Del Conte e Dott. Massimiliano Bartolini<\/em><\/p>\n\n\n\n<h2 class=\"wp-block-heading has-text-align-left has-medium-font-size\"><a href=\"https:\/\/maps.app.goo.gl\/Xodpn3YLD87DwPwTA\">FIRENZE (FI)<\/a><\/h2>\n\n\n\n<p class=\"has-text-align-left\">Via De Tommasi 17<\/p>\n\n\n\n<p class=\"has-small-font-size\"><em>REFERENTI: Dott. Paolo Giordo e Dott. Paolo Sanzo<\/em><\/p>\n<\/div>\n\n\n\n<div class=\"wp-block-column is-vertically-aligned-top is-layout-flow wp-container-core-column-is-layout-6b73ce23 wp-block-column-is-layout-flow\">\n<h3 class=\"wp-block-heading has-text-align-left has-ast-global-color-0-color has-text-color has-link-color has-large-font-size wp-elements-9f43553eab56d3008672eb7d2c487a1f\" style=\"margin-top:16px\">LOMBARDIA<\/h3>\n\n\n\n<p><\/p>\n\n\n\n<h2 class=\"wp-block-heading has-medium-font-size\"><a href=\"https:\/\/maps.app.goo.gl\/f76X5gcu3PHGv3G7A\">VARESE<\/a><\/h2>\n\n\n\n<p>Via Avegno 15<\/p>\n\n\n\n<p class=\"has-small-font-size\"><em>REFERENTI:  Dott.ssa Rosanna Scancarello<\/em><\/p>\n\n\n\n<h2 class=\"wp-block-heading has-text-align-left has-medium-font-size\"><a href=\"https:\/\/maps.app.goo.gl\/GArcaSXJQkhDHb8b8\">ZERBINO (BS)<\/a><\/h2>\n\n\n\n<p class=\"has-text-align-left\">Via Francesco Petrarca 40 c\/o Cosmolab Med<\/p>\n\n\n\n<p class=\"has-small-font-size\"><em>REFERENTI: Dott.ssa Luisa Corassori<\/em><\/p>\n\n\n\n<h2 class=\"wp-block-heading has-medium-font-size\"><a href=\"https:\/\/maps.app.goo.gl\/c64fmZSmdCzeLVvJ6\">MILANO<\/a><\/h2>\n\n\n\n<p>Via Toscolano 1<\/p>\n\n\n\n<p class=\"has-small-font-size\"><em>REFERENTI: Dott. Maurizio Passafaro e Dott.<\/em> <em>Giulio Pezzo<\/em><\/p>\n<\/div>\n\n\n\n<div class=\"wp-block-column is-vertically-aligned-top is-layout-flow wp-container-core-column-is-layout-6b73ce23 wp-block-column-is-layout-flow\">\n<h3 class=\"wp-block-heading has-text-align-left has-ast-global-color-0-color has-text-color has-link-color has-large-font-size wp-elements-eee7a2bea8893c1449d480dc0586403c\" style=\"margin-top:16px\">EMILIA ROMAGNA<\/h3>\n\n\n\n<p><\/p>\n\n\n\n<h2 class=\"wp-block-heading has-medium-font-size\"><a href=\"https:\/\/maps.app.goo.gl\/aMq43FWuosHLUxPL7\">CALERNO (RE)<\/a><\/h2>\n\n\n\n<p>Via Edison 1G<\/p>\n\n\n\n<p class=\"has-small-font-size\"><em>REFERENTI: Dott.ssa Simona Cataldo<\/em><\/p>\n\n\n\n<h4 class=\"wp-block-heading\"><a href=\"https:\/\/maps.app.goo.gl\/YHb62f1ok4VfDDhW8\">MODENA <\/a><\/h4>\n\n\n\n<p>Via Pioppa 6 Disvetro di Cavezzo c\/o Le porte dell&#8217;Anima<\/p>\n\n\n\n<p class=\"has-small-font-size\"><em>REFERENTE: Dott. Marcello Montorsi<\/em><\/p>\n\n\n\n<h4 class=\"wp-block-heading has-ast-global-color-0-color has-text-color has-link-color wp-elements-a49d1756acbd304d9cd82a167f5076e2\"><a href=\"https:\/\/maps.app.goo.gl\/v2KHiuYue7fwrULt5\">FERRARA<\/a><\/h4>\n\n\n\n<p>Via Ranuzzi 231, Casaglia<\/p>\n\n\n\n<p class=\"has-small-font-size\"><em>REFERENTE: Dott. Domenico Battaglia<\/em><\/p>\n\n\n\n<h2 class=\"wp-block-heading has-ast-global-color-0-color has-text-color has-link-color has-large-font-size wp-elements-c542d37bf0ff9eddbce440a1d8e6041f\">PIEMONTE<\/h2>\n\n\n\n<p><\/p>\n\n\n\n<h2 class=\"wp-block-heading has-medium-font-size\"><a href=\"https:\/\/maps.app.goo.gl\/MpKbbezL8XYdWen37\">PINEROLO (TO)<\/a><\/h2>\n\n\n\n<p>Via Midana 19<\/p>\n\n\n\n<p class=\"has-small-font-size\"><em>REFERENTI: Dott. Franco Olivero, Dott. Attilio De Prati, Dott.ssa Fiorella Gosetto<\/em><\/p>\n<\/div>\n\n\n\n<div class=\"wp-block-column is-vertically-aligned-top is-layout-flow wp-container-core-column-is-layout-6b73ce23 wp-block-column-is-layout-flow\">\n<h3 class=\"wp-block-heading has-text-align-left has-ast-global-color-0-color has-text-color has-link-color has-large-font-size wp-elements-cc89b02d5624ebfda808757dc625144b\" style=\"margin-top:16px\">ABRUZZO<\/h3>\n\n\n\n<p><\/p>\n\n\n\n<h2 class=\"wp-block-heading has-ast-global-color-8-color has-text-color has-medium-font-size\"><strong><a href=\"https:\/\/maps.app.goo.gl\/2jqtLterbLz4gGvp9\">AVEZZANO (AQ)<\/a><\/strong><\/h2>\n\n\n\n<p>Via Monsignor Bagnoli 169<\/p>\n\n\n\n<p class=\"has-small-font-size\"><em>REFERENTI: Dott. Raffaele Guida<\/em><\/p>\n\n\n\n<h2 class=\"wp-block-heading has-ast-global-color-0-color has-text-color has-link-color has-large-font-size wp-elements-fd43834947ad10524a561116e84f72f6\">VENETO<\/h2>\n\n\n\n<p><\/p>\n\n\n\n<h2 class=\"wp-block-heading has-medium-font-size\"><a href=\"https:\/\/maps.app.goo.gl\/1FqsmZSveVsnNVY3A\">PADOVA<\/a><\/h2>\n\n\n\n<p>Via Balestra 1 c\/o poliambulatorio Prima Medica<\/p>\n\n\n\n<p class=\"has-small-font-size\"><em>REFERENTI: Dott. Claudio Schiraldi<\/em><\/p>\n<\/div>\n\n\n\n<div class=\"wp-block-column is-layout-flow wp-block-column-is-layout-flow\">\n<h2 class=\"wp-block-heading has-ast-global-color-0-color has-text-color has-link-color has-large-font-size wp-elements-3de45b3e84322959ed9341cf18e634a9\" style=\"padding-top:var(--wp--preset--spacing--30);padding-bottom:var(--wp--preset--spacing--30)\">LIGURIA<\/h2>\n\n\n\n<p class=\"has-medium-font-size\" style=\"margin-top:0;margin-right:0;margin-bottom:0;margin-left:0;padding-top:0;padding-right:0;padding-bottom:0;padding-left:0\"><a href=\"https:\/\/maps.app.goo.gl\/EZcgNzupFw3np3ai6\"><strong>ALBENGA (SV)<\/strong><\/a><\/p>\n\n\n\n<p style=\"margin-top:0;margin-bottom:0;padding-top:0;padding-right:0;padding-bottom:0;padding-left:0\">Via Dalmazia 33<\/p>\n\n\n\n<p class=\"has-small-font-size\"><em>REFERENTI: Dott. William Gamba<\/em> <em>e Dott. Pietro Rabolli<\/em><\/p>\n\n\n\n<p class=\"has-ast-global-color-0-color has-text-color has-link-color has-medium-font-size wp-elements-abef0012338f34e09358efdc6b599f9b\" style=\"margin-top:0;margin-bottom:0;padding-top:0;padding-right:0;padding-bottom:0;padding-left:0\"><a href=\"https:\/\/maps.app.goo.gl\/3DCUZyLXWbtXzBRu6\"><strong>LA SPEZIA<\/strong><\/a><\/p>\n\n\n\n<p style=\"margin-top:0;margin-right:0;margin-bottom:0;margin-left:0;padding-top:0;padding-right:0;padding-bottom:0;padding-left:0\">Via XXIV maggio 106<\/p>\n\n\n\n<p class=\"has-small-font-size\"><em>REFERENTI: Dott. Umberto Barzaghi e Dott. Marco Rivieri <\/em><\/p>\n<\/div>\n<\/div>\n\n\n\n<p><\/p>\n\n\n\n<p><\/p>\n\n\n\n<p><\/p>\n\n\n\n<p><\/p>\n<\/div>\n\n\n\n<div class=\"wp-block-group has-background is-layout-constrained wp-block-group-is-layout-constrained\" style=\"border-radius:94px;background:linear-gradient(64deg,rgb(255,245,203) 0%,rgb(182,227,212) 50%,rgb(51,167,181) 100%);margin-top:0;margin-bottom:0\">\n<h2 class=\"wp-block-heading has-medium-font-size\">SEI UN MEDICO E VUOI COLLABORARE CON NOI?<\/h2>\n\n\n\n<figure style=\"padding-top:var(--wp--preset--spacing--40);padding-right:0;padding-bottom:var(--wp--preset--spacing--40);padding-left:0\" class=\"wp-block-video\"><video height=\"1908\" style=\"aspect-ratio: 1080 \/ 1908;\" width=\"1080\" controls src=\"http:\/\/wordpress.centromedicoamico.it\/wp-content\/uploads\/2025\/09\/Giraldi-collaborazione-medici-sito-1.mp4\"><\/video><\/figure>\n\n\n\n<p><\/p>\n\n\n\n<p>E&#8217; possibile in due modalit\u00e0 : <\/p>\n\n\n\n<ul class=\"wp-block-list\">\n<li>Convenzione per far parte della lista dei medici consigliati (Tutta Italia)<\/li>\n\n\n\n<li>Disponibilit\u00e0 di collaborazione per una nuova sede CMA <\/li>\n<\/ul>\n<\/div>\n\n\n\n<div class=\"wp-block-group alignfull is-layout-constrained wp-container-core-group-is-layout-cc037214 wp-block-group-is-layout-constrained\" style=\"padding-top:0px;padding-bottom:0px\">\n<h2 class=\"wp-block-heading has-text-align-center has-light-green-cyan-background-color has-background has-medium-font-size\" style=\"border-radius:17px\">BLOG<\/h2>\n\n\n\n<p class=\"has-text-align-center has-medium-font-size\"><mark style=\"background-color:rgba(0, 0, 0, 0)\" class=\"has-inline-color has-ast-global-color-8-color\">SEGUICI PER TUTTE LE NEWS <\/mark><\/p>\n\n\n\n<div class=\"wp-block-columns is-layout-flex wp-container-core-columns-is-layout-60cbf9bb wp-block-columns-is-layout-flex\" style=\"margin-top:50px\">\n<div class=\"wp-block-column has-border-color has-light-green-cyan-border-color is-layout-flow wp-container-core-column-is-layout-57339970 wp-block-column-is-layout-flow\" style=\"border-width:3px;border-radius:18px;padding-top:var(--wp--preset--spacing--50);padding-right:var(--wp--preset--spacing--40);padding-bottom:var(--wp--preset--spacing--50);padding-left:var(--wp--preset--spacing--40)\">\n<h5 class=\"wp-block-heading has-text-align-center has-large-font-size\">Segui il canale Telegram o la pagina Facebook per rimanere sempre aggiornato:<\/h5>\n\n\n\n<p><\/p>\n\n\n\n<ul class=\"wp-block-list\">\n<li>LE NUOVE SEDI IN APERTURA <\/li>\n\n\n\n<li>EVENTI INFORMATIVI CENTRO MEDICO AMICO<\/li>\n\n\n\n<li>VIDEO IN PILLOLE SU CONSIGLI MEDICI IN PREVENZIONE<\/li>\n\n\n\n<li>DIRETTE E INTERVISTE CON MEDICI SPECIALISTI E OPERATORI <\/li>\n<\/ul>\n\n\n\n<p><\/p>\n\n\n\n<p><\/p>\n\n\n\n<p><\/p>\n\n\n\n<h2 class=\"wp-block-heading has-text-align-center has-large-font-size\">Clicca per iscriverti ai canali<\/h2>\n\n\n\n<div class=\"wp-block-buttons is-content-justification-center is-layout-flex wp-container-core-buttons-is-layout-a89b3969 wp-block-buttons-is-layout-flex\">\n<div class=\"wp-block-button is-style-fill\"><a class=\"wp-block-button__link has-ast-global-color-4-color has-vivid-cyan-blue-background-color has-text-color has-background has-link-color wp-element-button\" href=\"https:\/\/t.me\/centromedicoamico\">Telegram  <\/a><\/div>\n\n\n\n<div class=\"wp-block-button is-style-fill\"><a class=\"wp-block-button__link has-ast-global-color-4-color has-ast-global-color-0-background-color has-text-color has-background has-link-color wp-element-button\" href=\"https:\/\/www.facebook.com\/profile.php?id=61552352426582\">Facebook<\/a><\/div>\n<\/div>\n<\/div>\n\n\n\n<div class=\"wp-block-column has-border-color has-light-green-cyan-border-color has-x-large-font-size is-layout-flow wp-container-core-column-is-layout-6b73ce23 wp-block-column-is-layout-flow\" style=\"border-width:3px;border-radius:18px\"><\/div>\n<\/div>\n<\/div>\n\n\n\n<p><\/p>\n\n\n\n<figure class=\"wp-block-image aligncenter size-large has-custom-border\"><img decoding=\"async\" width=\"1024\" height=\"1024\" src=\"http:\/\/wordpress.centromedicoamico.it\/wp-content\/uploads\/2025\/07\/Ippocrate-CMA-1024x1024.jpg\" alt=\"\" class=\"wp-image-36\" style=\"border-radius:16px\" srcset=\"https:\/\/wordpress.centromedicoamico.it\/wp-content\/uploads\/2025\/07\/Ippocrate-CMA-1024x1024.jpg 1024w, https:\/\/wordpress.centromedicoamico.it\/wp-content\/uploads\/2025\/07\/Ippocrate-CMA-300x300.jpg 300w, https:\/\/wordpress.centromedicoamico.it\/wp-content\/uploads\/2025\/07\/Ippocrate-CMA-150x150.jpg 150w, https:\/\/wordpress.centromedicoamico.it\/wp-content\/uploads\/2025\/07\/Ippocrate-CMA-768x768.jpg 768w, https:\/\/wordpress.centromedicoamico.it\/wp-content\/uploads\/2025\/07\/Ippocrate-CMA-1536x1536.jpg 1536w, https:\/\/wordpress.centromedicoamico.it\/wp-content\/uploads\/2025\/07\/Ippocrate-CMA-2048x2048.jpg 2048w\" sizes=\"(max-width: 1024px) 100vw, 1024px\" \/><\/figure>\n\n\n\n<div class=\"wp-block-group alignfull has-pale-cyan-blue-background-color has-background is-layout-constrained wp-container-core-group-is-layout-b41c27a7 wp-block-group-is-layout-constrained\" id=\"CONTATTI\" style=\"border-radius:18px;padding-top:44px;padding-bottom:44px\">\n<h2 class=\"wp-block-heading\">CONTATTI<\/h2>\n\n\n\n<div class=\"wp-block-columns is-layout-flex wp-container-core-columns-is-layout-29aadeec wp-block-columns-is-layout-flex\" style=\"margin-top:60px\">\n<div class=\"wp-block-column is-layout-flow wp-container-core-column-is-layout-6b73ce23 wp-block-column-is-layout-flow\">\n<h3 class=\"wp-block-heading\" style=\"margin-top:16px\">Telefono<\/h3>\n\n\n\n<p class=\"has-medium-font-size\"><strong><mark style=\"background-color:rgba(0, 0, 0, 0)\" class=\"has-inline-color has-ast-global-color-8-color\">3483736150<\/mark><\/strong><\/p>\n\n\n\n<p class=\"has-black-color has-text-color has-link-color wp-elements-8aaceca2f5432fd033d3e83c82b49be0\">Contattare telefonicamente da Lunedi a Venerdi dalle 9 alle 13 e dalle 15 alle 18.<\/p>\n\n\n\n<p class=\"has-ast-global-color-8-color has-text-color has-link-color wp-elements-9026aff2f4c616c7fe403857e38e805a\">Questo \u00e8 il numero unico per tutte le sedi.<\/p>\n\n\n\n<p class=\"has-ast-global-color-8-color has-text-color has-link-color wp-elements-e04daec5d2a0f66e1a1b6f1d053c15ae\"><strong>NON <\/strong>SONO ACCETTATE <strong>CHIAMATE <\/strong>CON WHATSAPP<\/p>\n<\/div>\n\n\n\n<div class=\"wp-block-column is-layout-flow wp-container-core-column-is-layout-6b73ce23 wp-block-column-is-layout-flow\">\n<h3 class=\"wp-block-heading\" style=\"margin-top:16px\">Mail<\/h3>\n\n\n\n<p><\/p>\n\n\n\n<p><strong><a href=\"mailto:info@centromedicoamico.it\"><mark style=\"background-color:rgba(0, 0, 0, 0);color:#000000\" class=\"has-inline-color\">info@centromedicoamico.it<\/mark><\/a><\/strong> <\/p>\n\n\n\n<p class=\"has-ast-global-color-8-color has-text-color has-link-color wp-elements-51ec259000a355393ac1379d6df0e6de\">per informazioni generali e prenotazione delle visite<\/p>\n\n\n\n<p><\/p>\n\n\n\n<p class=\"has-black-color has-text-color has-link-color wp-elements-9ac00cf961d1ea846fe5a532228b76c6\"><\/p>\n\n\n\n<p class=\"has-ast-global-color-8-color has-text-color has-link-color wp-elements-bd726a8e0e5aca610f5c5d2c3745688d\"><\/p>\n\n\n\n<p class=\"has-ast-global-color-8-color has-text-color has-link-color wp-elements-3d3d67b38506c87369d349d4010c7b63\" style=\"margin-top:0;margin-right:0;margin-bottom:0;margin-left:0\"><\/p>\n<\/div>\n\n\n\n<div class=\"wp-block-column is-layout-flow wp-container-core-column-is-layout-6b73ce23 wp-block-column-is-layout-flow\">\n<h3 class=\"wp-block-heading\" style=\"margin-top:16px\">Messaggistica<\/h3>\n\n\n\n<p><\/p>\n\n\n\n<p class=\"has-ast-global-color-8-color has-text-color has-link-color wp-elements-172bd6f6800feb08ebe5e002bd88b424\"><mark style=\"background-color:rgba(0, 0, 0, 0);color:#000000\" class=\"has-inline-color\">Whatsapp, SMS, Telegram <\/mark><strong>3483736150<\/strong><\/p>\n\n\n\n<p class=\"has-ast-global-color-8-color has-text-color has-link-color wp-elements-bd726a8e0e5aca610f5c5d2c3745688d\"><\/p>\n<\/div>\n<\/div>\n<\/div>\n\n\n\n<p><\/p>\n","protected":false},"excerpt":{"rendered":"<p>CHI SIAMO: Il Prof. Carlo Giraldi presenta il CMA La nostra associazione nasce da un progetto ideato dal Prof. Carlo [&hellip;]<\/p>\n","protected":false},"author":1,"featured_media":0,"parent":0,"menu_order":0,"comment_status":"closed","ping_status":"closed","template":"","meta":{"site-sidebar-layout":"no-sidebar","site-content-layout":"plain-container","ast-site-content-layout":"default","site-content-style":"default","site-sidebar-style":"default","ast-global-header-display":"","ast-banner-title-visibility":"","ast-main-header-display":"","ast-hfb-above-header-display":"","ast-hfb-below-header-display":"","ast-hfb-mobile-header-display":"","site-post-title":"disabled","ast-breadcrumbs-content":"","ast-featured-img":"","footer-sml-layout":"","ast-disable-related-posts":"","theme-transparent-header-meta":"enabled","adv-header-id-meta":"","stick-header-meta":"","header-above-stick-meta":"","header-main-stick-meta":"","header-below-stick-meta":"","astra-migrate-meta-layouts":"default","ast-page-background-enabled":"default","ast-page-background-meta":{"desktop":{"background-color":"var(--ast-global-color-5)","background-image":"","background-repeat":"repeat","background-position":"center center","background-size":"auto","background-attachment":"scroll","background-type":"","background-media":"","overlay-type":"","overlay-color":"","overlay-opacity":"","overlay-gradient":""},"tablet":{"background-color":"","background-image":"","background-repeat":"repeat","background-position":"center center","background-size":"auto","background-attachment":"scroll","background-type":"","background-media":"","overlay-type":"","overlay-color":"","overlay-opacity":"","overlay-gradient":""},"mobile":{"background-color":"","background-image":"","background-repeat":"repeat","background-position":"center center","background-size":"auto","background-attachment":"scroll","background-type":"","background-media":"","overlay-type":"","overlay-color":"","overlay-opacity":"","overlay-gradient":""}},"ast-content-background-meta":{"desktop":{"background-color":"var(--ast-global-color-4)","background-image":"","background-repeat":"repeat","background-position":"center center","background-size":"auto","background-attachment":"scroll","background-type":"","background-media":"","overlay-type":"","overlay-color":"","overlay-opacity":"","overlay-gradient":""},"tablet":{"background-color":"var(--ast-global-color-4)","background-image":"","background-repeat":"repeat","background-position":"center center","background-size":"auto","background-attachment":"scroll","background-type":"","background-media":"","overlay-type":"","overlay-color":"","overlay-opacity":"","overlay-gradient":""},"mobile":{"background-color":"var(--ast-global-color-4)","background-image":"","background-repeat":"repeat","background-position":"center center","background-size":"auto","background-attachment":"scroll","background-type":"","background-media":"","overlay-type":"","overlay-color":"","overlay-opacity":"","overlay-gradient":""}},"footnotes":""},"class_list":["post-7","page","type-page","status-publish","hentry"],"_links":{"self":[{"href":"https:\/\/wordpress.centromedicoamico.it\/index.php\/wp-json\/wp\/v2\/pages\/7","targetHints":{"allow":["GET"]}}],"collection":[{"href":"https:\/\/wordpress.centromedicoamico.it\/index.php\/wp-json\/wp\/v2\/pages"}],"about":[{"href":"https:\/\/wordpress.centromedicoamico.it\/index.php\/wp-json\/wp\/v2\/types\/page"}],"author":[{"embeddable":true,"href":"https:\/\/wordpress.centromedicoamico.it\/index.php\/wp-json\/wp\/v2\/users\/1"}],"replies":[{"embeddable":true,"href":"https:\/\/wordpress.centromedicoamico.it\/index.php\/wp-json\/wp\/v2\/comments?post=7"}],"version-history":[{"count":87,"href":"https:\/\/wordpress.centromedicoamico.it\/index.php\/wp-json\/wp\/v2\/pages\/7\/revisions"}],"predecessor-version":[{"id":258,"href":"https:\/\/wordpress.centromedicoamico.it\/index.php\/wp-json\/wp\/v2\/pages\/7\/revisions\/258"}],"wp:attachment":[{"href":"https:\/\/wordpress.centromedicoamico.it\/index.php\/wp-json\/wp\/v2\/media?parent=7"}],"curies":[{"name":"wp","href":"https:\/\/api.w.org\/{rel}","templated":true}]}}